{"id":12775,"date":"2023-03-31T10:21:06","date_gmt":"2023-03-31T08:21:06","guid":{"rendered":"https:\/\/www.ekoboalimentacio.cat\/qui-som\/"},"modified":"2023-11-07T10:34:25","modified_gmt":"2023-11-07T09:34:25","slug":"quienes-somos","status":"publish","type":"page","link":"https:\/\/www.ekoboalimentacio.cat\/es\/quienes-somos\/","title":{"rendered":"QUI\u00c9NES SOMOS"},"content":{"rendered":"\t\t<div data-elementor-type=\"wp-page\" data-elementor-id=\"12775\" class=\"elementor elementor-12775 elementor-5860\">\n\t\t\t\t\t\t<section class=\"elementor-section elementor-top-section elementor-element elementor-element-d53317f elementor-section-full_width qodef-elementor-content-grid elementor-section-height-default elementor-section-height-default\" data-id=\"d53317f\" data-element_type=\"section\">\n\t\t\t\t\t\t<div class=\"elementor-container elementor-column-gap-default\">\n\t\t\t\t\t<div class=\"elementor-column elementor-col-50 elementor-top-column elementor-element elementor-element-d69da1d\" data-id=\"d69da1d\" data-element_type=\"column\">\n\t\t\t<div class=\"elementor-widget-wrap elementor-element-populated\">\n\t\t\t\t\t\t<div class=\"elementor-element elementor-element-3041426 elementor-widget elementor-widget-agraria_core_single_image\" data-id=\"3041426\" data-element_type=\"widget\" data-widget_type=\"agraria_core_single_image.default\">\n\t\t\t\t<div class=\"elementor-widget-container\">\n\t\t\t\t\t<div class=\"qodef-shortcode qodef-m  qodef-single-image qodef-layout--default   \">\n\t\t\t<div class=\"qodef-m-image\" >\n\t\t\t\t\t\t\t\t<img fetchpriority=\"high\" decoding=\"async\" width=\"1000\" height=\"667\" src=\"https:\/\/www.ekoboalimentacio.cat\/wp-content\/uploads\/2023\/09\/qui-som05.jpg\" class=\"attachment-full size-full\" alt=\"\" srcset=\"https:\/\/www.ekoboalimentacio.cat\/wp-content\/uploads\/2023\/09\/qui-som05.jpg 1000w, https:\/\/www.ekoboalimentacio.cat\/wp-content\/uploads\/2023\/09\/qui-som05-300x200.jpg 300w, https:\/\/www.ekoboalimentacio.cat\/wp-content\/uploads\/2023\/09\/qui-som05-768x512.jpg 768w\" sizes=\"(max-width: 1000px) 100vw, 1000px\" \/>\t\t\t\t\t\t\t<\/div>\n\t<\/div>\n\t\t\t\t<\/div>\n\t\t\t\t<\/div>\n\t\t\t\t\t<\/div>\n\t\t<\/div>\n\t\t\t\t<div class=\"elementor-column elementor-col-50 elementor-top-column elementor-element elementor-element-afefcc9\" data-id=\"afefcc9\" data-element_type=\"column\">\n\t\t\t<div class=\"elementor-widget-wrap elementor-element-populated\">\n\t\t\t\t\t\t<div class=\"elementor-element elementor-element-0260d33 elementor-widget elementor-widget-agraria_core_section_title\" data-id=\"0260d33\" data-element_type=\"widget\" data-widget_type=\"agraria_core_section_title.default\">\n\t\t\t\t<div class=\"elementor-widget-container\">\n\t\t\t\t\t<div class=\"qodef-shortcode qodef-m  qodef-section-title qodef-alignment--left qodef-title-break--disabled\">\n\t\t\t<span class=\"qodef-m-additional-text\" style=\"color: #EEE6D380\">1992<\/span>\n\t\t<h3 class=\"qodef-m-title\" style=\"color: #769D02;margin-top: -30px\">\n\t\t\t\t\tSiguiendo las ra\u00edces familiares\t\t\t<\/h3>\n\t\t<p class=\"qodef-m-description\" style=\"color: #5A5A5A\">Joan Castell\u00e0 viene de familia campesina y se ha dedicado a hacer agricultura ecol\u00f3gica desde 1992, siendo una parte activa del sector. Fue de los pioneros en Catalu\u00f1a en consolidar un sistema de servicio a domicilio de cajas de verdura y fruta y ha provisto de verdura la tienda durante estos a\u00f1os. Ahora va pasando el relevo a su hijo Nil.<\/p>\n\t<\/div>\n\t\t\t\t<\/div>\n\t\t\t\t<\/div>\n\t\t\t\t\t<\/div>\n\t\t<\/div>\n\t\t\t\t\t<\/div>\n\t\t<\/section>\n\t\t\t\t<section class=\"elementor-section elementor-top-section elementor-element elementor-element-77b6296 elementor-section-full_width qodef-elementor-content-grid elementor-section-height-default elementor-section-height-default\" data-id=\"77b6296\" data-element_type=\"section\">\n\t\t\t\t\t\t<div class=\"elementor-container elementor-column-gap-default\">\n\t\t\t\t\t<div class=\"elementor-column elementor-col-50 elementor-top-column elementor-element elementor-element-a028434\" data-id=\"a028434\" data-element_type=\"column\">\n\t\t\t<div class=\"elementor-widget-wrap elementor-element-populated\">\n\t\t\t\t\t\t<div class=\"elementor-element elementor-element-0dc047c elementor-widget elementor-widget-agraria_core_section_title\" data-id=\"0dc047c\" data-element_type=\"widget\" data-widget_type=\"agraria_core_section_title.default\">\n\t\t\t\t<div class=\"elementor-widget-container\">\n\t\t\t\t\t<div class=\"qodef-shortcode qodef-m  qodef-section-title qodef-alignment--left qodef-title-break--disabled\">\n\t\t\t\t<h3 class=\"qodef-m-title\" style=\"color: #769D02;margin-top: -30px\">\n\t\t\t\t\tUn relevo generacional en el huerto y la cocina\t\t\t<\/h3>\n\t\t<p class=\"qodef-m-description\" style=\"color: #5A5A5A\">Nil desde peque\u00f1o ha ido al huerto con su padre y tiene curiosidad. Estudi\u00f3 cocina y alimentaci\u00f3n consciente en IVATENA (Instituto Valenciano de Terapias Naturales), y agricultura en la Escuela Agraria de Amposta, adem\u00e1s de otras formaciones y cursos monogr\u00e1ficos tanto de cocina como de agricultura. Siempre est\u00e1 listo para aplicar novedades en sus \u00e1mbitos de trabajo que son el huerto y el obrador.<\/p>\n\t<\/div>\n\t\t\t\t<\/div>\n\t\t\t\t<\/div>\n\t\t\t\t\t<\/div>\n\t\t<\/div>\n\t\t\t\t<div class=\"elementor-column elementor-col-50 elementor-top-column elementor-element elementor-element-4d50c3e\" data-id=\"4d50c3e\" data-element_type=\"column\">\n\t\t\t<div class=\"elementor-widget-wrap elementor-element-populated\">\n\t\t\t\t\t\t<div class=\"elementor-element elementor-element-4e5862e elementor-widget elementor-widget-agraria_core_single_image\" data-id=\"4e5862e\" data-element_type=\"widget\" data-widget_type=\"agraria_core_single_image.default\">\n\t\t\t\t<div class=\"elementor-widget-container\">\n\t\t\t\t\t<div class=\"qodef-shortcode qodef-m  qodef-single-image qodef-layout--default   \">\n\t\t\t<div class=\"qodef-m-image\" >\n\t\t\t\t\t\t\t\t<img decoding=\"async\" width=\"1000\" height=\"667\" src=\"https:\/\/www.ekoboalimentacio.cat\/wp-content\/uploads\/2023\/09\/qui-som02.jpg\" class=\"attachment-full size-full\" alt=\"\" srcset=\"https:\/\/www.ekoboalimentacio.cat\/wp-content\/uploads\/2023\/09\/qui-som02.jpg 1000w, https:\/\/www.ekoboalimentacio.cat\/wp-content\/uploads\/2023\/09\/qui-som02-300x200.jpg 300w, https:\/\/www.ekoboalimentacio.cat\/wp-content\/uploads\/2023\/09\/qui-som02-768x512.jpg 768w\" sizes=\"(max-width: 1000px) 100vw, 1000px\" \/>\t\t\t\t\t\t\t<\/div>\n\t<\/div>\n\t\t\t\t<\/div>\n\t\t\t\t<\/div>\n\t\t\t\t\t<\/div>\n\t\t<\/div>\n\t\t\t\t\t<\/div>\n\t\t<\/section>\n\t\t\t\t<section class=\"elementor-section elementor-top-section elementor-element elementor-element-6328f0c elementor-section-full_width qodef-elementor-content-grid elementor-section-height-default elementor-section-height-default\" data-id=\"6328f0c\" data-element_type=\"section\">\n\t\t\t\t\t\t<div class=\"elementor-container elementor-column-gap-default\">\n\t\t\t\t\t<div class=\"elementor-column elementor-col-50 elementor-top-column elementor-element elementor-element-2d5b356\" data-id=\"2d5b356\" data-element_type=\"column\">\n\t\t\t<div class=\"elementor-widget-wrap elementor-element-populated\">\n\t\t\t\t\t\t<div class=\"elementor-element elementor-element-f2af597 elementor-widget elementor-widget-agraria_core_single_image\" data-id=\"f2af597\" data-element_type=\"widget\" data-widget_type=\"agraria_core_single_image.default\">\n\t\t\t\t<div class=\"elementor-widget-container\">\n\t\t\t\t\t<div class=\"qodef-shortcode qodef-m  qodef-single-image qodef-layout--default   \">\n\t\t\t<div class=\"qodef-m-image\" >\n\t\t\t\t\t\t\t\t<img decoding=\"async\" width=\"1000\" height=\"667\" src=\"https:\/\/www.ekoboalimentacio.cat\/wp-content\/uploads\/2023\/09\/qui-som03.jpg\" class=\"attachment-full size-full\" alt=\"\" srcset=\"https:\/\/www.ekoboalimentacio.cat\/wp-content\/uploads\/2023\/09\/qui-som03.jpg 1000w, https:\/\/www.ekoboalimentacio.cat\/wp-content\/uploads\/2023\/09\/qui-som03-300x200.jpg 300w, https:\/\/www.ekoboalimentacio.cat\/wp-content\/uploads\/2023\/09\/qui-som03-768x512.jpg 768w\" sizes=\"(max-width: 1000px) 100vw, 1000px\" \/>\t\t\t\t\t\t\t<\/div>\n\t<\/div>\n\t\t\t\t<\/div>\n\t\t\t\t<\/div>\n\t\t\t\t\t<\/div>\n\t\t<\/div>\n\t\t\t\t<div class=\"elementor-column elementor-col-50 elementor-top-column elementor-element elementor-element-ceecb42\" data-id=\"ceecb42\" data-element_type=\"column\">\n\t\t\t<div class=\"elementor-widget-wrap elementor-element-populated\">\n\t\t\t\t\t\t<div class=\"elementor-element elementor-element-e927fba elementor-widget elementor-widget-agraria_core_section_title\" data-id=\"e927fba\" data-element_type=\"widget\" data-widget_type=\"agraria_core_section_title.default\">\n\t\t\t\t<div class=\"elementor-widget-container\">\n\t\t\t\t\t<div class=\"qodef-shortcode qodef-m  qodef-section-title qodef-alignment--left qodef-title-break--disabled\">\n\t\t\t\t<h3 class=\"qodef-m-title\" style=\"color: #769D02;margin-top: -30px\">\n\t\t\t\t\tPasi\u00f3n por la salud y la alimentaci\u00f3n consciente\t\t\t<\/h3>\n\t\t<p class=\"qodef-m-description\" style=\"color: #5A5A5A\">Isaura, interesada en la alimentaci\u00f3n y en la cocina, estudi\u00f3 diet\u00e9tica naturista y oriental en el centro IFS Roger de Ll\u00faria de Barcelona con Olga Cuevas y biococina y alimentaci\u00f3n consciente en la escuela Thuban de Madrid, adem\u00e1s de otros cursos monogr\u00e1ficos. Tiene inter\u00e9s en la salud y en las plantas medicinales. Se dedica desde hace mucho tiempo a atender a los clientes de la tienda y del bar.<\/p>\n\t<\/div>\n\t\t\t\t<\/div>\n\t\t\t\t<\/div>\n\t\t\t\t\t<\/div>\n\t\t<\/div>\n\t\t\t\t\t<\/div>\n\t\t<\/section>\n\t\t\t\t<section class=\"elementor-section elementor-top-section elementor-element elementor-element-c8bcda3 elementor-section-full_width qodef-elementor-content-grid elementor-section-height-default elementor-section-height-default\" data-id=\"c8bcda3\" data-element_type=\"section\">\n\t\t\t\t\t\t<div class=\"elementor-container elementor-column-gap-default\">\n\t\t\t\t\t<div class=\"elementor-column elementor-col-50 elementor-top-column elementor-element elementor-element-88a2886\" data-id=\"88a2886\" data-element_type=\"column\">\n\t\t\t<div class=\"elementor-widget-wrap elementor-element-populated\">\n\t\t\t\t\t\t<div class=\"elementor-element elementor-element-db82b4c elementor-widget elementor-widget-agraria_core_section_title\" data-id=\"db82b4c\" data-element_type=\"widget\" data-widget_type=\"agraria_core_section_title.default\">\n\t\t\t\t<div class=\"elementor-widget-container\">\n\t\t\t\t\t<div class=\"qodef-shortcode qodef-m  qodef-section-title qodef-alignment--left qodef-title-break--disabled\">\n\t\t\t\t<h3 class=\"qodef-m-title\" style=\"color: #769D02;margin-top: -30px\">\n\t\t\t\t\tNos centramos en la alimentaci\u00f3n y en las personas\t\t\t<\/h3>\n\t\t<p class=\"qodef-m-description\" style=\"color: #5A5A5A\">Belinda, interesada en la alimentaci\u00f3n y en las personas, tambi\u00e9n ha estudiado en el IFS Roger de Ll\u00faria, vinculada desde hace tiempo al mundo natural y de la restauraci\u00f3n, es la \u00faltima incorporaci\u00f3n al equipo de la tienda.<\/p>\n\t<\/div>\n\t\t\t\t<\/div>\n\t\t\t\t<\/div>\n\t\t\t\t\t<\/div>\n\t\t<\/div>\n\t\t\t\t<div class=\"elementor-column elementor-col-50 elementor-top-column elementor-element elementor-element-6725ee9\" data-id=\"6725ee9\" data-element_type=\"column\">\n\t\t\t<div class=\"elementor-widget-wrap elementor-element-populated\">\n\t\t\t\t\t\t<div class=\"elementor-element elementor-element-ee376a6 elementor-widget elementor-widget-agraria_core_single_image\" data-id=\"ee376a6\" data-element_type=\"widget\" data-widget_type=\"agraria_core_single_image.default\">\n\t\t\t\t<div class=\"elementor-widget-container\">\n\t\t\t\t\t<div class=\"qodef-shortcode qodef-m  qodef-single-image qodef-layout--default   \">\n\t\t\t<div class=\"qodef-m-image\" >\n\t\t\t\t\t\t\t\t<img loading=\"lazy\" decoding=\"async\" width=\"1000\" height=\"667\" src=\"https:\/\/www.ekoboalimentacio.cat\/wp-content\/uploads\/2023\/09\/qui-som04.jpg\" class=\"attachment-full size-full\" alt=\"\" srcset=\"https:\/\/www.ekoboalimentacio.cat\/wp-content\/uploads\/2023\/09\/qui-som04.jpg 1000w, https:\/\/www.ekoboalimentacio.cat\/wp-content\/uploads\/2023\/09\/qui-som04-300x200.jpg 300w, https:\/\/www.ekoboalimentacio.cat\/wp-content\/uploads\/2023\/09\/qui-som04-768x512.jpg 768w\" sizes=\"(max-width: 1000px) 100vw, 1000px\" \/>\t\t\t\t\t\t\t<\/div>\n\t<\/div>\n\t\t\t\t<\/div>\n\t\t\t\t<\/div>\n\t\t\t\t\t<\/div>\n\t\t<\/div>\n\t\t\t\t\t<\/div>\n\t\t<\/section>\n\t\t\t\t<section class=\"elementor-section elementor-top-section elementor-element elementor-element-32b83689 elementor-section-full_width elementor-section-stretched elementor-section-height-default elementor-section-height-default\" data-id=\"32b83689\" data-element_type=\"section\" data-settings=\"{&quot;background_background&quot;:&quot;classic&quot;,&quot;stretch_section&quot;:&quot;section-stretched&quot;}\">\n\t\t\t\t\t\t<div class=\"elementor-container elementor-column-gap-default\">\n\t\t\t\t\t<div class=\"elementor-column elementor-col-50 elementor-top-column elementor-element elementor-element-3d9f0db3\" data-id=\"3d9f0db3\" data-element_type=\"column\">\n\t\t\t<div class=\"elementor-widget-wrap elementor-element-populated\">\n\t\t\t\t\t\t<div class=\"elementor-element elementor-element-4deb7c58 elementor-widget elementor-widget-agraria_core_banner\" data-id=\"4deb7c58\" data-element_type=\"widget\" data-widget_type=\"agraria_core_banner.default\">\n\t\t\t\t<div class=\"elementor-widget-container\">\n\t\t\t\t\t<div class=\"qodef-shortcode qodef-m  qodef-banner qodef-layout--link-overlay \">\n\t<div class=\"qodef-m-image\" >\n\t<img loading=\"lazy\" decoding=\"async\" width=\"1203\" height=\"938\" src=\"https:\/\/www.ekoboalimentacio.cat\/wp-content\/uploads\/2023\/09\/banner-alimentacio2.jpg\" class=\"attachment-full size-full\" alt=\"\" srcset=\"https:\/\/www.ekoboalimentacio.cat\/wp-content\/uploads\/2023\/09\/banner-alimentacio2.jpg 1203w, https:\/\/www.ekoboalimentacio.cat\/wp-content\/uploads\/2023\/09\/banner-alimentacio2-300x234.jpg 300w, https:\/\/www.ekoboalimentacio.cat\/wp-content\/uploads\/2023\/09\/banner-alimentacio2-1024x798.jpg 1024w, https:\/\/www.ekoboalimentacio.cat\/wp-content\/uploads\/2023\/09\/banner-alimentacio2-768x599.jpg 768w\" sizes=\"(max-width: 1203px) 100vw, 1203px\" \/><\/div>\n\t<div class=\"qodef-m-content\">\n\t\t<div class=\"qodef-m-content-inner\" >\n\t\t\t\t\t\t\t<h3 class=\"qodef-m-title\" style=\"color: #FFFFFF\">\n\t\tALIMENTACI\u00d3N ECOL\u00d3GICA\t<\/h3>\n\t\t\t\t\t<\/div>\n\t<\/div>\n\t<a itemprop=\"url\" href=\"https:\/\/www.ekoboalimentacio.cat\/es\/alimentacion-ecologica\/\" class=\"qodef-m-banner-link\" target=\"_self\"><\/a>\n\n<\/div>\n\t\t\t\t<\/div>\n\t\t\t\t<\/div>\n\t\t\t\t\t<\/div>\n\t\t<\/div>\n\t\t\t\t<div class=\"elementor-column elementor-col-50 elementor-top-column elementor-element elementor-element-507dba09\" data-id=\"507dba09\" data-element_type=\"column\">\n\t\t\t<div class=\"elementor-widget-wrap elementor-element-populated\">\n\t\t\t\t\t\t<section class=\"elementor-section elementor-inner-section elementor-element elementor-element-3645e760 elementor-section-full_width elementor-section-height-default elementor-section-height-default\" data-id=\"3645e760\" data-element_type=\"section\">\n\t\t\t\t\t\t<div class=\"elementor-container elementor-column-gap-default\">\n\t\t\t\t\t<div class=\"elementor-column elementor-col-50 elementor-inner-column elementor-element elementor-element-637c430b\" data-id=\"637c430b\" data-element_type=\"column\">\n\t\t\t<div class=\"elementor-widget-wrap elementor-element-populated\">\n\t\t\t\t\t\t<div class=\"elementor-element elementor-element-783fc5ea elementor-widget elementor-widget-agraria_core_banner\" data-id=\"783fc5ea\" data-element_type=\"widget\" data-widget_type=\"agraria_core_banner.default\">\n\t\t\t\t<div class=\"elementor-widget-container\">\n\t\t\t\t\t<div class=\"qodef-shortcode qodef-m  qodef-banner qodef-layout--link-overlay \">\n\t<div class=\"qodef-m-image\" >\n\t<img loading=\"lazy\" decoding=\"async\" width=\"880\" height=\"948\" src=\"https:\/\/www.ekoboalimentacio.cat\/wp-content\/uploads\/2023\/09\/banner-on-som-1.jpg\" class=\"attachment-full size-full\" alt=\"\" srcset=\"https:\/\/www.ekoboalimentacio.cat\/wp-content\/uploads\/2023\/09\/banner-on-som-1.jpg 880w, https:\/\/www.ekoboalimentacio.cat\/wp-content\/uploads\/2023\/09\/banner-on-som-1-278x300.jpg 278w, https:\/\/www.ekoboalimentacio.cat\/wp-content\/uploads\/2023\/09\/banner-on-som-1-768x827.jpg 768w\" sizes=\"(max-width: 880px) 100vw, 880px\" \/><\/div>\n\t<div class=\"qodef-m-content\">\n\t\t<div class=\"qodef-m-content-inner\" >\n\t\t\t\t\t\t\t<h3 class=\"qodef-m-title\" style=\"color: #FFFFFF\">\n\t\tD\u00d3NDE ESTAMOS\t<\/h3>\n\t\t\t\t\t<\/div>\n\t<\/div>\n\t<a itemprop=\"url\" href=\"https:\/\/www.ekoboalimentacio.cat\/es\/donde-estamos\/\" class=\"qodef-m-banner-link\" target=\"_self\"><\/a>\n\n<\/div>\n\t\t\t\t<\/div>\n\t\t\t\t<\/div>\n\t\t\t\t\t<\/div>\n\t\t<\/div>\n\t\t\t\t<div class=\"elementor-column elementor-col-50 elementor-inner-column elementor-element elementor-element-48bdcbfd\" data-id=\"48bdcbfd\" data-element_type=\"column\">\n\t\t\t<div class=\"elementor-widget-wrap elementor-element-populated\">\n\t\t\t\t\t\t<div class=\"elementor-element elementor-element-5a7949e elementor-widget elementor-widget-agraria_core_banner\" data-id=\"5a7949e\" data-element_type=\"widget\" data-widget_type=\"agraria_core_banner.default\">\n\t\t\t\t<div class=\"elementor-widget-container\">\n\t\t\t\t\t<div class=\"qodef-shortcode qodef-m  qodef-banner qodef-layout--link-overlay \">\n\t<div class=\"qodef-m-image\" >\n\t<img loading=\"lazy\" decoding=\"async\" width=\"1203\" height=\"938\" src=\"https:\/\/www.ekoboalimentacio.cat\/wp-content\/uploads\/2023\/09\/banner-qui-fem2.jpg\" class=\"attachment-full size-full\" alt=\"\" srcset=\"https:\/\/www.ekoboalimentacio.cat\/wp-content\/uploads\/2023\/09\/banner-qui-fem2.jpg 1203w, https:\/\/www.ekoboalimentacio.cat\/wp-content\/uploads\/2023\/09\/banner-qui-fem2-300x234.jpg 300w, https:\/\/www.ekoboalimentacio.cat\/wp-content\/uploads\/2023\/09\/banner-qui-fem2-1024x798.jpg 1024w, https:\/\/www.ekoboalimentacio.cat\/wp-content\/uploads\/2023\/09\/banner-qui-fem2-768x599.jpg 768w\" sizes=\"(max-width: 1203px) 100vw, 1203px\" \/><\/div>\n\t<div class=\"qodef-m-content\">\n\t\t<div class=\"qodef-m-content-inner\" >\n\t\t\t\t\t\t\t<h3 class=\"qodef-m-title\" style=\"color: #FFFFFF\">\n\t\tQU\u00c9 HACEMOS\t<\/h3>\n\t\t\t\t\t<\/div>\n\t<\/div>\n\t<a itemprop=\"url\" href=\"https:\/\/www.ekoboalimentacio.cat\/es\/que-hacemos\/\" class=\"qodef-m-banner-link\" target=\"_self\"><\/a>\n\n<\/div>\n\t\t\t\t<\/div>\n\t\t\t\t<\/div>\n\t\t\t\t\t<\/div>\n\t\t<\/div>\n\t\t\t\t\t<\/div>\n\t\t<\/section>\n\t\t\t\t\t<\/div>\n\t\t<\/div>\n\t\t\t\t\t<\/div>\n\t\t<\/section>\n\t\t\t\t<\/div>\n\t\t","protected":false},"excerpt":{"rendered":"<p>1992 Siguiendo las ra\u00edces familiares Joan Castell\u00e0 viene de familia campesina y se ha dedicado a hacer agricultura ecol\u00f3gica desde 1992, siendo una parte activa del sector. Fue de los pioneros en Catalu\u00f1a en consolidar un sistema de servicio a domicilio de cajas de verdura y fruta y ha provisto de verdura la tienda durante [&hellip;]<\/p>\n","protected":false},"author":1,"featured_media":0,"parent":0,"menu_order":0,"comment_status":"closed","ping_status":"closed","template":"","meta":{"om_disable_all_campaigns":false,"_monsterinsights_skip_tracking":false,"_monsterinsights_sitenote_active":false,"_monsterinsights_sitenote_note":"","_monsterinsights_sitenote_category":0,"footnotes":""},"class_list":["post-12775","page","type-page","status-publish","hentry"],"aioseo_notices":[],"_links":{"self":[{"href":"https:\/\/www.ekoboalimentacio.cat\/es\/wp-json\/wp\/v2\/pages\/12775","targetHints":{"allow":["GET"]}}],"collection":[{"href":"https:\/\/www.ekoboalimentacio.cat\/es\/wp-json\/wp\/v2\/pages"}],"about":[{"href":"https:\/\/www.ekoboalimentacio.cat\/es\/wp-json\/wp\/v2\/types\/page"}],"author":[{"embeddable":true,"href":"https:\/\/www.ekoboalimentacio.cat\/es\/wp-json\/wp\/v2\/users\/1"}],"replies":[{"embeddable":true,"href":"https:\/\/www.ekoboalimentacio.cat\/es\/wp-json\/wp\/v2\/comments?post=12775"}],"version-history":[{"count":25,"href":"https:\/\/www.ekoboalimentacio.cat\/es\/wp-json\/wp\/v2\/pages\/12775\/revisions"}],"predecessor-version":[{"id":12889,"href":"https:\/\/www.ekoboalimentacio.cat\/es\/wp-json\/wp\/v2\/pages\/12775\/revisions\/12889"}],"wp:attachment":[{"href":"https:\/\/www.ekoboalimentacio.cat\/es\/wp-json\/wp\/v2\/media?parent=12775"}],"curies":[{"name":"wp","href":"https:\/\/api.w.org\/{rel}","templated":true}]}}